{"id":3167,"date":"2026-09-01T11:21:42","date_gmt":"2026-09-01T11:21:42","guid":{"rendered":"https:\/\/marianoserra.net\/?page_id=3167"},"modified":"2026-09-01T11:51:35","modified_gmt":"2026-09-01T11:51:35","slug":"informacion-inicio-de-curso-26-27","status":"publish","type":"page","link":"https:\/\/marianoserra.net\/index.php\/informacion-inicio-de-curso-26-27\/","title":{"rendered":"INFORMACI\u00d3N INICIO DE CURSO 26-27"},"content":{"rendered":"<div  data-label=\"Features\" data-id=\"features--1\" data-export-id=\"features-12\" data-category=\"features\" class=\"features-12 content-section content-section-spacing \" id=\"features-1\" style=\"background-color: rgb(245, 250, 253);\"><div  class=\"gridContainer\"> <div  class=\"row text-center\"><div  class=\"section-title-col\" data-type=\"column\">  <h5 class=\"\" ><span style=\"font-weight: 700;\" >En esta p\u00e1gina encontrar\u00e1n informaci\u00f3n relevante acerca del inicio del curso 2026-2027.<\/span><br ><span style=\"font-weight: 700;\" >\nLes recordamos que el centro utiliza la p\u00e1gina web como plataforma de la informaci\u00f3n m\u00e1s relevante: horarios, venta de uniformes, comedor, actividades extraescolares y otros servicios.<\/span><\/h5><h5  class=\"\" style=\"text-align: left;\">\n<br ><br >\n<br >Queridas familias:<br >\nNos alegra daros la bienvenida a un nuevo curso en el Colegio Mariano Serra.<br >\nEsperamos que hay\u00e1is disfrutado del verano y que afront\u00e9is esta nueva etapa con la misma ilusi\u00f3n que nosotros.<br >\nSeguimos comprometidos con una educaci\u00f3n de calidad que combine la excelencia acad\u00e9mica con el bienestar emocional de cada alumno y alumna. \n<br >La colaboraci\u00f3n y la comunicaci\u00f3n cercana con las familias ser\u00e1n, una vez m\u00e1s, esenciales para acompa\u00f1ar su crecimiento.\n<br >Les recordamos que el centro utiliza la p\u00e1gina web como plataforma de la informaci\u00f3n m\u00e1s relevante: horarios, venta de uniformes, comedor, actividades extraescolares y otros servicios\n<br ><br >\n<\/h5><\/div> <\/div> <div  class=\"row spaced-cols\" data-type=\"row\"> <div  class=\"col-sm-6 col-md-12 \"> <div  class=\"row space-bottom\"> <div  class=\"col-sm-fit icon-column\"> <i  class=\"fa icon fa-calendar bordered round color2\"><\/i> <\/div> <div  class=\"col-sm\" data-type=\"column\"> <h5  class=\"color2\">CALENDARIO ESCOLAR<\/h5> <p  class=\"\">\n<br ><br >\n<span  style=\"font-weight: 700;\">Infantil y Primaria\n<\/span><br >\n<span  style=\"font-weight: 600;\">&nbsp; &nbsp; &nbsp;Inicio de las clases<\/span><br >&nbsp; &nbsp; &nbsp; &nbsp; &nbsp; Mi\u00e9rcoles, 9 de septiembre.<br >&nbsp; <span  style=\"font-weight: 600;\">&nbsp; &nbsp;Horario de septiembre<\/span><br >&nbsp; &nbsp; &nbsp; &nbsp; &nbsp; Infantil: de 9:00 a 12:50 h.  \u00b7  Primaria: de 9:00 a 13:00 h.<br >\n<span  style=\"font-weight: 600;\">&nbsp; &nbsp; &nbsp;Apertura de puertas<\/span><br >&nbsp; &nbsp; &nbsp; &nbsp; &nbsp; 10 minutos antes del inicio de las clases.\n<br ><br ><br ><span  style=\"font-weight: 700;\">Educaci\u00f3n Secundaria\n<\/span><span  style=\"font-weight: 600;\"><br >&nbsp; &nbsp; &nbsp;Inicio de las clases&nbsp;<\/span><br >&nbsp; &nbsp; &nbsp; &nbsp; &nbsp; Mi\u00e9rcoles, 9 de septiembre<br >&nbsp; &nbsp; &nbsp; &nbsp; &nbsp; Horario especial: entrada a las 10:00 h y salida a las 11:30 h.\n<br ><br ><span  style=\"font-weight: 600;\">&nbsp; &nbsp; &nbsp;Horario de septiembre<\/span><br >&nbsp; &nbsp; &nbsp; &nbsp; &nbsp; &nbsp;De 8:30 a 14:00 h para todos los cursos de Secundaria.\n<br ><br >&nbsp; &nbsp; &nbsp;<span  style=\"font-weight: 600;\">Apertura de puertas<\/span><br >&nbsp; &nbsp; &nbsp; &nbsp; &nbsp; 10 minutos antes del inicio de las clases.\n<br ><br ><br >En <span  style=\"font-weight: 600;\">Educaci\u00f3n Infantil, Educaci\u00f3n Primaria y Educaci\u00f3n secundaria<\/span>, las clases&nbsp; finalizar\u00e1n el 18 de junio de 2027.\n<br ><br ><br >\n          Los per\u00edodos de vacaciones de este curso escolar ser\u00e1n los siguientes:\n<br ><br >&nbsp; &nbsp; -Vacaciones de Navidad: del 22 de diciembre de 2026 al 6 de enero de 2027, ambos inclusive.<br >&nbsp; &nbsp; -Vacaciones de Pascua: del 25 de marzo al 5 de abril de 2027, ambos inclusive.\n<br ><br ><br >\n          Durante este curso escolar no ser\u00e1n lectivos los d\u00edas festivos siguientes:<br >&nbsp; &nbsp; &nbsp; -9 de octubre, D\u00eda de la Comunitat Valenciana.<br >&nbsp; &nbsp; &nbsp; -12 de octubre, Fiesta Nacional de Espa\u00f1a.<br >&nbsp; &nbsp; &nbsp; -8 de diciembre, D\u00eda de la Inmaculada Concepci\u00f3n.<br >&nbsp; &nbsp; &nbsp; -19 de marzo, D\u00eda de San Jos\u00e9.\n<br ><br >En cuanto se confirmen los festivos locales, pondremos la informaci\u00f3n a su disposici\u00f3n.<br ><br >\n<br >Pueden consultar esta informaci\u00f3n actualizada en el siguiente bot\u00f3n:<\/p><a  class=\"button color1\" href=\"https:\/\/marianoserra.net\/index.php\/calendario-escolar\" target=\"_self\" data-cp-link=\"1\" data-icon=\"\">CALENDARIO ESCOLAR<\/a><\/div> <\/div><\/div> <div  class=\"col-sm-6 col-md-12 \"><div  class=\"row space-bottom\"> <div  class=\"col-sm-fit icon-column\"><i  class=\"fa icon fa-cutlery bordered round color2\"><\/i><\/div> <div  class=\"col-sm\" data-type=\"column\"><h5  class=\"color2\">COMEDOR ESCOLAR<\/h5> <p  class=\"\">A continuaci\u00f3n, ponemos a su disposici\u00f3n el enlace a la preinscripci\u00f3n del servicio de comedor para el mes de septiembre. \n<br ><br >Es necesario <span  style=\"text-decoration: underline; font-weight: 700;\">rellenar un formulario por cada alumno que vaya a hacer uso del servicio<\/span> en SEPTIEMBRE.\n<br ><br >La fecha l\u00edmite para realizar la preinscripci\u00f3n  es el <span  style=\"font-weight: 700;\">LUNES 7 DE SEPTIEMBRE.<\/span> \n<br ><br >El mi\u00e9rcoles 9 de septiembre se entregar\u00e1n (a los alumnos preinscritos) las inscripciones en papel  para que las rellenen y entreguen firmadas antes del 11 de septiembre.\n<\/p><a  class=\"button color1\" href=\"https:\/\/forms.gle\/FDU4wbwMmLX9WKNZ9\" target=\"_self\" data-cp-link=\"1\" data-icon=\"\">INSCRIPCI\u00d3N COMEDOR ESCOLAR SEPTIEMBRE<\/a><\/div> <\/div><\/div> <div  class=\"col-sm-6 col-md-12 \"><div  class=\"row space-bottom\"> <div  class=\"col-sm-fit icon-column\"><i  class=\"fa icon fa-black-tie bordered round color2\"><\/i><\/div> <div  class=\"col-sm\" data-type=\"column\"><h5  class=\"color2\">EQUIPAMIENTO Y UNIFORMIDAD<\/h5> <p  class=\"\">el horario de venta de uniformes durante el curso 26\/27 ser\u00e1 el siguiente:\n<br ><br >\n<img  decoding=\"async\" draggable=\"false\" role=\"img\" class=\"emoji\" alt=\"\ud83d\udcc5\" src=\"https:\/\/s.w.org\/images\/core\/emoji\/17.0.2\/svg\/1f4c5.svg\"> Semana del 31 de agosto al 4 de septiembre:<br >&nbsp; &nbsp; &nbsp;Jueves: de 9:00 a 12:00 h y de 16:00 a 19:00 h.<br >&nbsp; &nbsp; &nbsp;Viernes: de 9:00 a 12:00 h.\n<br ><br >\n<img  decoding=\"async\" draggable=\"false\" role=\"img\" class=\"emoji\" alt=\"\ud83d\udcc5\" src=\"https:\/\/s.w.org\/images\/core\/emoji\/17.0.2\/svg\/1f4c5.svg\"> Semana del 7 al 11 de septiembre:<br >&nbsp; &nbsp; &nbsp;Lunes, martes: de 9:00h a 12:00h<br >&nbsp; &nbsp; &nbsp;Jueves: de 13:00 a 14:00 h.\n<br ><br >\n<img  decoding=\"async\" draggable=\"false\" role=\"img\" class=\"emoji\" alt=\"\ud83d\udcc5\" src=\"https:\/\/s.w.org\/images\/core\/emoji\/17.0.2\/svg\/1f4c5.svg\"> Resto del mes de septiembre:<br >&nbsp; &nbsp; &nbsp;Martes y jueves: de 13:00 a 14:00 h.\n<br ><br >\n<img  decoding=\"async\" draggable=\"false\" role=\"img\" class=\"emoji\" alt=\"\ud83d\udcc5\" src=\"https:\/\/s.w.org\/images\/core\/emoji\/17.0.2\/svg\/1f4c5.svg\"> De octubre a mayo:<br >&nbsp; &nbsp; &nbsp;Lunes y jueves: de 12:30h a 13h<br >&nbsp; &nbsp; &nbsp;Martes: de 16:45h a 17:45h<\/p><\/div> <\/div><\/div> <div  class=\"col-sm-6 col-md-12 \"><div  class=\"row space-bottom\"> <div  class=\"col-sm-fit icon-column\"><i  class=\"fa icon fa-book bordered round color2\"><\/i><\/div> <div  class=\"col-sm\" data-type=\"column\"><h5  class=\"color2\">LIBROS Y MATERIAL ESCOLAR<\/h5> <p  class=\"\">Con el fin de organizar la adquisici\u00f3n de los libros de texto y el material did\u00e1ctico de forma fluida y evitar aglomeraciones, les informamos de los d\u00edas asignados para cada curso:\n<br ><br ><br >\nMartes, 8 de septiembre: 1.\u00ba, 2.\u00ba y 3.\u00ba de Educaci\u00f3n Primaria.\n<br ><br >Mi\u00e9rcoles, 9 de septiembre: 4.\u00ba, 5.\u00ba y 6.\u00ba de Educaci\u00f3n Primaria.\n<br ><br >\nJueves, 10 de septiembre: Educaci\u00f3n Secundaria (ESO).\n<br ><br >\nHorario de atenci\u00f3n: De 17:00 h a 20:00 h.\n<br ><br >\nRecuerden que esos mismos d\u00edas se podr\u00e1 adquirir el material escolar junto al plan lector.<\/p><\/div> <\/div><\/div> <div  class=\"col-sm-6 col-md-12\"> <div  class=\"row space-bottom\"> <div  class=\"col-sm-fit icon-column\"> <i  class=\"fa icon fa-dribbble bordered round color2\"><\/i> <\/div> <div  class=\"col-sm\" data-type=\"column\"> <h5  class=\"color2\">EXTRAESCOLARES TARDES DE SEPTIEMBRE<\/h5> <p  class=\"\">En proceso de actualizaci\u00f3n<\/p><\/div> <\/div><\/div><div  class=\"col-sm-6 col-md-12\"> <div  class=\"row space-bottom\"> <div  class=\"col-sm-fit icon-column\"> <i  class=\"fa icon fa-calendar-check-o bordered round color2\"><\/i> <\/div> <div  class=\"col-sm\" data-type=\"column\"> <h5  class=\"color2\">REUNI\u00d3N INFORMATIVA INICIO DE CURSO INFANTIL 3 A\u00d1OS<\/h5> <p  class=\"\">Os convocamos a la reuni\u00f3n grupal de Infantil de 3 a\u00f1os, que tendr\u00e1 lugar el pr\u00f3ximo<span  style=\"font-weight: 700;\"> jueves 3 de septiembre, a las 17:00 h, en el comedor del centro<\/span>.<br >\nSi la conciliaci\u00f3n familiar lo permite, la reuni\u00f3n est\u00e1 dirigida a los padres y madres. De este modo, podremos compartir toda la informaci\u00f3n con tranquilidad, atender vuestras dudas y aprovechar al m\u00e1ximo este primer encuentro.\n<br ><br >\nEsperamos contar con vuestra asistencia y poder daros personalmente la bienvenida a esta nueva etapa escolar.<br >\nEsa misma tarde despu\u00e9s de la reuni\u00f3n pod\u00e9is acceder a la compra de uniformes.<\/p><\/div> <\/div><\/div><div  class=\"col-sm-6 col-md-12\"> <div  class=\"row space-bottom\"> <div  class=\"col-sm-fit icon-column\"> <i  class=\"fa icon fa-clock-o bordered round color2\"><\/i> <\/div> <div  class=\"col-sm\" data-type=\"column\"> <h5  class=\"color2\">MATINERA<\/h5> <p  class=\"\">\u00bfQu\u00e9 es?\n<br ><br >\nEste servicio se ofrece a aquellos ni\u00f1os y ni\u00f1as que necesitan atenci\u00f3n antes del inicio de las clases matinales, es decir, entre las 7 y las 9 de la ma\u00f1ana.<br >\nPor tanto, el colectivo al que va dirigido este programa son aquellas familias que tienen hijos e hijas en edad escolar y que por razones de trabajo, salud, estudios\u2026 necesitan esta prestaci\u00f3n.\n<br ><br >\nActividades: La Escuela Matinera se desarrolla en cada centro escolar del pueblo y las actividades que se realizan son de grupo y de car\u00e1cter l\u00fadico (juegos, cuentos, pl\u00e1stica,etc.)\n<br ><br >\n\u00bfQui\u00e9n puede solicitarlo?<br >\nNi\u00f1os y ni\u00f1as con edades entre 3 y 11 a\u00f1os escolarizados en los colegios p\u00fablicos del municipio. Este servicio permanece aberto durante los d\u00edas lectivos del calendario escolar.<br >Para m\u00e1s informaci\u00f3n y altas en el servicio, pueden acceder a la p\u00e1gina web del Ayuntamiento de Aldaia mediante el siguiente bot\u00f3n:\n<br ><br >&nbsp;<\/p><a  class=\"button color1\" href=\"https:\/\/aldaia.es\/es\/educacion\/escuela-matinera\" target=\"_self\" data-cp-link=\"1\" data-icon=\"\">ESCUELA MATINERA, AYUNTAMIENTO DE ALDAIA<\/a><\/div> <\/div><\/div><\/div><\/div> <\/div>","protected":false},"excerpt":{"rendered":"<p>En esta p\u00e1gina encontrar\u00e1n informaci\u00f3n relevante acerca del inicio del curso 2026-2027. Les recordamos que el centro utiliza la p\u00e1gina web como plataforma de la informaci\u00f3n m\u00e1s relevante: horarios, venta de uniformes, comedor, actividades extraescolares y otros servicios. Queridas familias: Nos alegra daros la bienvenida a un nuevo curso en el Colegio Mariano Serra. Esperamos&hellip; <br \/> <a class=\"read-more\" href=\"https:\/\/marianoserra.net\/index.php\/informacion-inicio-de-curso-26-27\/\">Read more<\/a><\/p>\n","protected":false},"author":2,"featured_media":0,"parent":0,"menu_order":0,"comment_status":"closed","ping_status":"closed","template":"pro\/page-templates\/full-width-page.php","meta":{"footnotes":""},"class_list":["post-3167","page","type-page","status-publish","hentry"],"yoast_head":"<!-- This site is optimized with the Yoast SEO plugin v28.4 - https:\/\/yoast.com\/product\/yoast-seo-wordpress\/ -->\n<title>INFORMACI\u00d3N INICIO DE CURSO 26-27 - Colegio Mariano Serra<\/title>\n<meta name=\"robots\" content=\"index, follow, max-snippet:-1, max-image-preview:large, max-video-preview:-1\" \/>\n<link rel=\"canonical\" href=\"https:\/\/marianoserra.net\/index.php\/informacion-inicio-de-curso-26-27\/\" \/>\n<meta property=\"og:locale\" content=\"es_ES\" \/>\n<meta property=\"og:type\" content=\"article\" \/>\n<meta property=\"og:title\" content=\"INFORMACI\u00d3N INICIO DE CURSO 26-27 - Colegio Mariano Serra\" \/>\n<meta property=\"og:description\" content=\"En esta p\u00e1gina encontrar\u00e1n informaci\u00f3n relevante acerca del inicio del curso 2026-2027. Les recordamos que el centro utiliza la p\u00e1gina web como plataforma de la informaci\u00f3n m\u00e1s relevante: horarios, venta de uniformes, comedor, actividades extraescolares y otros servicios. Queridas familias: Nos alegra daros la bienvenida a un nuevo curso en el Colegio Mariano Serra. Esperamos&hellip; Read more\" \/>\n<meta property=\"og:url\" content=\"https:\/\/marianoserra.net\/index.php\/informacion-inicio-de-curso-26-27\/\" \/>\n<meta property=\"og:site_name\" content=\"Colegio Mariano Serra\" \/>\n<meta property=\"article:modified_time\" content=\"2026-09-01T11:51:35+00:00\" \/>\n<meta property=\"og:image\" content=\"https:\/\/s.w.org\/images\/core\/emoji\/17.0.2\/svg\/1f4c5.svg\" \/>\n<meta name=\"twitter:card\" content=\"summary_large_image\" \/>\n<meta name=\"twitter:label1\" content=\"Tiempo de lectura\" \/>\n\t<meta name=\"twitter:data1\" content=\"5 minutos\" \/>\n<script type=\"application\/ld+json\" class=\"yoast-schema-graph\">{\"@context\":\"https:\\\/\\\/schema.org\",\"@graph\":[{\"@type\":\"WebPage\",\"@id\":\"https:\\\/\\\/marianoserra.net\\\/index.php\\\/informacion-inicio-de-curso-26-27\\\/\",\"url\":\"https:\\\/\\\/marianoserra.net\\\/index.php\\\/informacion-inicio-de-curso-26-27\\\/\",\"name\":\"INFORMACI\u00d3N INICIO DE CURSO 26-27 - Colegio Mariano Serra\",\"isPartOf\":{\"@id\":\"https:\\\/\\\/marianoserra.net\\\/#website\"},\"primaryImageOfPage\":{\"@id\":\"https:\\\/\\\/marianoserra.net\\\/index.php\\\/informacion-inicio-de-curso-26-27\\\/#primaryimage\"},\"image\":{\"@id\":\"https:\\\/\\\/marianoserra.net\\\/index.php\\\/informacion-inicio-de-curso-26-27\\\/#primaryimage\"},\"thumbnailUrl\":\"https:\\\/\\\/s.w.org\\\/images\\\/core\\\/emoji\\\/17.0.2\\\/svg\\\/1f4c5.svg\",\"datePublished\":\"2026-09-01T11:21:42+00:00\",\"dateModified\":\"2026-09-01T11:51:35+00:00\",\"breadcrumb\":{\"@id\":\"https:\\\/\\\/marianoserra.net\\\/index.php\\\/informacion-inicio-de-curso-26-27\\\/#breadcrumb\"},\"inLanguage\":\"es\",\"potentialAction\":[{\"@type\":\"ReadAction\",\"target\":[\"https:\\\/\\\/marianoserra.net\\\/index.php\\\/informacion-inicio-de-curso-26-27\\\/\"]}]},{\"@type\":\"ImageObject\",\"inLanguage\":\"es\",\"@id\":\"https:\\\/\\\/marianoserra.net\\\/index.php\\\/informacion-inicio-de-curso-26-27\\\/#primaryimage\",\"url\":\"https:\\\/\\\/s.w.org\\\/images\\\/core\\\/emoji\\\/17.0.2\\\/svg\\\/1f4c5.svg\",\"contentUrl\":\"https:\\\/\\\/s.w.org\\\/images\\\/core\\\/emoji\\\/17.0.2\\\/svg\\\/1f4c5.svg\"},{\"@type\":\"BreadcrumbList\",\"@id\":\"https:\\\/\\\/marianoserra.net\\\/index.php\\\/informacion-inicio-de-curso-26-27\\\/#breadcrumb\",\"itemListElement\":[{\"@type\":\"ListItem\",\"position\":1,\"name\":\"Portada\",\"item\":\"https:\\\/\\\/marianoserra.net\\\/\"},{\"@type\":\"ListItem\",\"position\":2,\"name\":\"INFORMACI\u00d3N INICIO DE CURSO 26-27\"}]},{\"@type\":\"WebSite\",\"@id\":\"https:\\\/\\\/marianoserra.net\\\/#website\",\"url\":\"https:\\\/\\\/marianoserra.net\\\/\",\"name\":\"Colegio Mariano Serra\",\"description\":\"Colegio concertado Mariano Serra en Aldaia\",\"publisher\":{\"@id\":\"https:\\\/\\\/marianoserra.net\\\/#organization\"},\"potentialAction\":[{\"@type\":\"SearchAction\",\"target\":{\"@type\":\"EntryPoint\",\"urlTemplate\":\"https:\\\/\\\/marianoserra.net\\\/?s={search_term_string}\"},\"query-input\":{\"@type\":\"PropertyValueSpecification\",\"valueRequired\":true,\"valueName\":\"search_term_string\"}}],\"inLanguage\":\"es\"},{\"@type\":\"Organization\",\"@id\":\"https:\\\/\\\/marianoserra.net\\\/#organization\",\"name\":\"Colegio Mariano Serra\",\"url\":\"https:\\\/\\\/marianoserra.net\\\/\",\"logo\":{\"@type\":\"ImageObject\",\"inLanguage\":\"es\",\"@id\":\"https:\\\/\\\/marianoserra.net\\\/#\\\/schema\\\/logo\\\/image\\\/\",\"url\":\"https:\\\/\\\/marianoserra.net\\\/wp-content\\\/uploads\\\/2021\\\/09\\\/Copia-de-LOGO.png\",\"contentUrl\":\"https:\\\/\\\/marianoserra.net\\\/wp-content\\\/uploads\\\/2021\\\/09\\\/Copia-de-LOGO.png\",\"width\":934,\"height\":944,\"caption\":\"Colegio Mariano Serra\"},\"image\":{\"@id\":\"https:\\\/\\\/marianoserra.net\\\/#\\\/schema\\\/logo\\\/image\\\/\"}}]}<\/script>\n<!-- \/ Yoast SEO plugin. -->","yoast_head_json":{"title":"INFORMACI\u00d3N INICIO DE CURSO 26-27 - Colegio Mariano Serra","robots":{"index":"index","follow":"follow","max-snippet":"max-snippet:-1","max-image-preview":"max-image-preview:large","max-video-preview":"max-video-preview:-1"},"canonical":"https:\/\/marianoserra.net\/index.php\/informacion-inicio-de-curso-26-27\/","og_locale":"es_ES","og_type":"article","og_title":"INFORMACI\u00d3N INICIO DE CURSO 26-27 - Colegio Mariano Serra","og_description":"En esta p\u00e1gina encontrar\u00e1n informaci\u00f3n relevante acerca del inicio del curso 2026-2027. Les recordamos que el centro utiliza la p\u00e1gina web como plataforma de la informaci\u00f3n m\u00e1s relevante: horarios, venta de uniformes, comedor, actividades extraescolares y otros servicios. Queridas familias: Nos alegra daros la bienvenida a un nuevo curso en el Colegio Mariano Serra. Esperamos&hellip; Read more","og_url":"https:\/\/marianoserra.net\/index.php\/informacion-inicio-de-curso-26-27\/","og_site_name":"Colegio Mariano Serra","article_modified_time":"2026-09-01T11:51:35+00:00","og_image":[{"url":"https:\/\/s.w.org\/images\/core\/emoji\/17.0.2\/svg\/1f4c5.svg","type":"","width":"","height":""}],"twitter_card":"summary_large_image","twitter_misc":{"Tiempo de lectura":"5 minutos"},"schema":{"@context":"https:\/\/schema.org","@graph":[{"@type":"WebPage","@id":"https:\/\/marianoserra.net\/index.php\/informacion-inicio-de-curso-26-27\/","url":"https:\/\/marianoserra.net\/index.php\/informacion-inicio-de-curso-26-27\/","name":"INFORMACI\u00d3N INICIO DE CURSO 26-27 - Colegio Mariano Serra","isPartOf":{"@id":"https:\/\/marianoserra.net\/#website"},"primaryImageOfPage":{"@id":"https:\/\/marianoserra.net\/index.php\/informacion-inicio-de-curso-26-27\/#primaryimage"},"image":{"@id":"https:\/\/marianoserra.net\/index.php\/informacion-inicio-de-curso-26-27\/#primaryimage"},"thumbnailUrl":"https:\/\/s.w.org\/images\/core\/emoji\/17.0.2\/svg\/1f4c5.svg","datePublished":"2026-09-01T11:21:42+00:00","dateModified":"2026-09-01T11:51:35+00:00","breadcrumb":{"@id":"https:\/\/marianoserra.net\/index.php\/informacion-inicio-de-curso-26-27\/#breadcrumb"},"inLanguage":"es","potentialAction":[{"@type":"ReadAction","target":["https:\/\/marianoserra.net\/index.php\/informacion-inicio-de-curso-26-27\/"]}]},{"@type":"ImageObject","inLanguage":"es","@id":"https:\/\/marianoserra.net\/index.php\/informacion-inicio-de-curso-26-27\/#primaryimage","url":"https:\/\/s.w.org\/images\/core\/emoji\/17.0.2\/svg\/1f4c5.svg","contentUrl":"https:\/\/s.w.org\/images\/core\/emoji\/17.0.2\/svg\/1f4c5.svg"},{"@type":"BreadcrumbList","@id":"https:\/\/marianoserra.net\/index.php\/informacion-inicio-de-curso-26-27\/#breadcrumb","itemListElement":[{"@type":"ListItem","position":1,"name":"Portada","item":"https:\/\/marianoserra.net\/"},{"@type":"ListItem","position":2,"name":"INFORMACI\u00d3N INICIO DE CURSO 26-27"}]},{"@type":"WebSite","@id":"https:\/\/marianoserra.net\/#website","url":"https:\/\/marianoserra.net\/","name":"Colegio Mariano Serra","description":"Colegio concertado Mariano Serra en Aldaia","publisher":{"@id":"https:\/\/marianoserra.net\/#organization"},"potentialAction":[{"@type":"SearchAction","target":{"@type":"EntryPoint","urlTemplate":"https:\/\/marianoserra.net\/?s={search_term_string}"},"query-input":{"@type":"PropertyValueSpecification","valueRequired":true,"valueName":"search_term_string"}}],"inLanguage":"es"},{"@type":"Organization","@id":"https:\/\/marianoserra.net\/#organization","name":"Colegio Mariano Serra","url":"https:\/\/marianoserra.net\/","logo":{"@type":"ImageObject","inLanguage":"es","@id":"https:\/\/marianoserra.net\/#\/schema\/logo\/image\/","url":"https:\/\/marianoserra.net\/wp-content\/uploads\/2021\/09\/Copia-de-LOGO.png","contentUrl":"https:\/\/marianoserra.net\/wp-content\/uploads\/2021\/09\/Copia-de-LOGO.png","width":934,"height":944,"caption":"Colegio Mariano Serra"},"image":{"@id":"https:\/\/marianoserra.net\/#\/schema\/logo\/image\/"}}]}},"_links":{"self":[{"href":"https:\/\/marianoserra.net\/index.php\/wp-json\/wp\/v2\/pages\/3167","targetHints":{"allow":["GET"]}}],"collection":[{"href":"https:\/\/marianoserra.net\/index.php\/wp-json\/wp\/v2\/pages"}],"about":[{"href":"https:\/\/marianoserra.net\/index.php\/wp-json\/wp\/v2\/types\/page"}],"author":[{"embeddable":true,"href":"https:\/\/marianoserra.net\/index.php\/wp-json\/wp\/v2\/users\/2"}],"replies":[{"embeddable":true,"href":"https:\/\/marianoserra.net\/index.php\/wp-json\/wp\/v2\/comments?post=3167"}],"version-history":[{"count":7,"href":"https:\/\/marianoserra.net\/index.php\/wp-json\/wp\/v2\/pages\/3167\/revisions"}],"predecessor-version":[{"id":3189,"href":"https:\/\/marianoserra.net\/index.php\/wp-json\/wp\/v2\/pages\/3167\/revisions\/3189"}],"wp:attachment":[{"href":"https:\/\/marianoserra.net\/index.php\/wp-json\/wp\/v2\/media?parent=3167"}],"curies":[{"name":"wp","href":"https:\/\/api.w.org\/{rel}","templated":true}]}}